{"id":1994,"date":"2022-06-24T10:04:34","date_gmt":"2022-06-24T14:04:34","guid":{"rendered":"https:\/\/smart-training.ca\/fr\/?page_id=1994"},"modified":"2025-08-01T10:03:55","modified_gmt":"2025-08-01T14:03:55","slug":"up-coming-events","status":"publish","type":"page","link":"https:\/\/smart-training.ca\/fr\/up-coming-events\/","title":{"rendered":"Events Main page"},"content":{"rendered":"\n<div class=\"wp-block-cover alignfull\"><img loading=\"lazy\" decoding=\"async\" width=\"2560\" height=\"1707\" class=\"wp-block-cover__image-background wp-image-3319\" alt=\"\" src=\"https:\/\/smart-training.ca\/fr\/wp-content\/uploads\/sites\/2\/2023\/03\/product-school-nOvIa_x_tfo-unsplash-3-scaled.jpg\" data-object-fit=\"cover\" srcset=\"https:\/\/smart-training.ca\/fr\/wp-content\/uploads\/sites\/2\/2023\/03\/product-school-nOvIa_x_tfo-unsplash-3-scaled.jpg 2560w, https:\/\/smart-training.ca\/fr\/wp-content\/uploads\/sites\/2\/2023\/03\/product-school-nOvIa_x_tfo-unsplash-3-300x200.jpg 300w, https:\/\/smart-training.ca\/fr\/wp-content\/uploads\/sites\/2\/2023\/03\/product-school-nOvIa_x_tfo-unsplash-3-1024x683.jpg 1024w, https:\/\/smart-training.ca\/fr\/wp-content\/uploads\/sites\/2\/2023\/03\/product-school-nOvIa_x_tfo-unsplash-3-768x512.jpg 768w, https:\/\/smart-training.ca\/fr\/wp-content\/uploads\/sites\/2\/2023\/03\/product-school-nOvIa_x_tfo-unsplash-3-1536x1024.jpg 1536w\" sizes=\"auto, (max-width: 2560px) 100vw, 2560px\" \/><span aria-hidden=\"true\" class=\"wp-block-cover__background has-background-dim\"><\/span><div class=\"wp-block-cover__inner-container is-layout-flow wp-block-cover-is-layout-flow\">\n<h2 class=\"wp-block-heading has-text-align-center has-ast-global-color-4-color has-text-color has-large-font-size\">Ev\u00e9nements&nbsp;<\/h2>\n<\/div><\/div>\n\n\n\n<div style=\"height:25px\" aria-hidden=\"true\" class=\"wp-block-spacer\"><\/div>\n\n\n\n<div class=\"wp-block-buttons alignwide is-content-justification-center is-layout-flex wp-container-core-buttons-is-layout-a89b3969 wp-block-buttons-is-layout-flex\">\n<div class=\"wp-block-button has-custom-width wp-block-button__width-25 is-style-fill\"><a class=\"wp-block-button__link wp-element-button\" href=\"https:\/\/smart-training.ca\/fr\/annual-conference-2\/\">Conf\u00e9rence&nbsp;<\/a><\/div>\n\n\n\n<div class=\"wp-block-button has-custom-width wp-block-button__width-25\"><a class=\"wp-block-button__link wp-element-button\" href=\"summer-school-2\">Cours d&rsquo;\u00e9t\u00e9&nbsp;<\/a><\/div>\n\n\n\n<div class=\"wp-block-button has-custom-width wp-block-button__width-25\"><a class=\"wp-block-button__link wp-element-button\" href=\"https:\/\/smart-training.ca\/fr\/webinars-2\/\">Webinaires&nbsp;<\/a><\/div>\n<\/div>\n\n\n\n<div style=\"height:25px\" aria-hidden=\"true\" class=\"wp-block-spacer\"><\/div>\n\n\n\n<h1 class=\"wp-block-heading\">Nos \u00e9v\u00e9nements&nbsp;<\/h1>\n\n\n\n<p>La plateforme de formation SMART est con\u00e7ue pour fournir aux stagiaires les connaissances et les comp\u00e9tences n\u00e9cessaires pour aborder les nombreux d\u00e9fis auxquels font face les environnements urbains, en cr\u00e9ant des solutions intelligentes pour am\u00e9liorer l&rsquo;acc\u00e8s \u00e0 l&rsquo;alimentation, la mobilit\u00e9 et la sant\u00e9 dans les communaut\u00e9s canadiennes, incluant les Premi\u00e8res Nations. Nos efforts pour atteindre les objectifs de la plateforme de formation SMART se concr\u00e9tisent \u00e0 travers nos diverses offres d&rsquo;\u00e9v\u00e9nements. La plateforme de formation SMART est ancr\u00e9e dans la promotion de la collaboration significative, l&rsquo;amplification de l&rsquo;impact de la plateforme et de l&rsquo;Initiative de recherche et de formation sur les villes-sant\u00e9 (IRFVS), et la culture d&rsquo;une communaut\u00e9 de pratique interdisciplinaire et intersectorielle au Canada, l\u00e0 o\u00f9 il n&rsquo;y en a pas actuellement.&nbsp;<\/p>\n\n\n\n<div style=\"height:25px\" aria-hidden=\"true\" class=\"wp-block-spacer\"><\/div>\n\n\n\n<div style=\"height:10px\" aria-hidden=\"true\" class=\"wp-block-spacer\"><\/div>\n\n\n\n<div style=\"height:25px\" aria-hidden=\"true\" class=\"wp-block-spacer\"><\/div>\n\n\n\n<h2 class=\"wp-block-heading\">\u00c9v\u00e9nements \u00e0 venir:<\/h2>\n\n\n\n<p>Restez \u00e0 l&rsquo;\u00e9coute en suivant nos r\u00e9seaux sociaux pour toute nouvelle \u00e9v\u00e9nement !<\/p>\n\n\n\n<div style=\"height:51px\" aria-hidden=\"true\" class=\"wp-block-spacer\"><\/div>\n\n\n\n<h2 class=\"wp-block-heading\">\u00c9v\u00e9nements archiv\u00e9s&nbsp;<\/h2>\n\n\n\n<div style=\"height:50px\" aria-hidden=\"true\" class=\"wp-block-spacer\"><\/div>\n\n\n\n<div class=\"wp-block-media-text is-stacked-on-mobile\" style=\"grid-template-columns:26% auto\"><figure class=\"wp-block-media-text__media\"><img decoding=\"async\" src=\"https:\/\/smart-training.ca\/wp-content\/uploads\/2025\/05\/1-1024x1024.png\" alt=\"\" class=\"wp-image-5389 size-full\" \/><\/figure><div class=\"wp-block-media-text__content\">\n<p>Juin 2025<\/p>\n\n\n\n<div class=\"wp-block-uagb-advanced-heading uagb-block-edef332e\"><h5 class=\"uagb-heading-text\">S\u00e9rie des stagiaires 2025<\/h5><p class=\"uagb-desc-text\">SMART est ravi d&rsquo;avoir tenu notre deuxi\u00e8me s\u00e9rie de stagiaires. Nous avons eu 3 stagiaires SMART qui ont pr\u00e9sent\u00e9 leur travail actuel dans le domaine des villes saines et de la science de l&rsquo;impl\u00e9mentation. Regardez le webinaire ici !<\/p><\/div>\n\n\n\n<div class=\"wp-block-buttons is-layout-flex wp-block-buttons-is-layout-flex\">\n<div class=\"wp-block-button\"><a class=\"wp-block-button__link wp-element-button\" href=\"https:\/\/smart-training.ca\/trainee-series-2025\/\">Voir le webinaire ici<\/a><\/div>\n<\/div>\n<\/div><\/div>\n\n\n\n<div style=\"height:50px\" aria-hidden=\"true\" class=\"wp-block-spacer\"><\/div>\n\n\n\n<div class=\"wp-block-media-text is-stacked-on-mobile\" style=\"grid-template-columns:26% auto\"><figure class=\"wp-block-media-text__media\"><img decoding=\"async\" src=\"https:\/\/smart-training.ca\/wp-content\/uploads\/2025\/06\/Photo-2025-05-30-8-36-49-AM-1-1024x768.jpg\" alt=\"\" class=\"wp-image-5415 size-full\" \/><\/figure><div class=\"wp-block-media-text__content\">\n<p>Mai 2025<\/p>\n\n\n\n<div class=\"wp-block-uagb-advanced-heading uagb-block-5e0c25ca\"><h5 class=\"uagb-heading-text\">Summer School 2025<\/h5><\/div>\n\n\n\n<p>La plateforme de formation SMART Healthy Cities a organis\u00e9 sa 4\u00e8me \u00e9cole d&rsquo;\u00e9t\u00e9 \u00e0 Montr\u00e9al, au Canada. Avec pour th\u00e8me \u00ab Tirer parti de la science des donn\u00e9es, de l&rsquo;IA et de la collaboration intersectorielle pour l&rsquo;innovation des \u00e9cosyst\u00e8mes durables des villes saines \u00bb.<\/p>\n\n\n\n<div class=\"wp-block-buttons is-layout-flex wp-block-buttons-is-layout-flex\">\n<div class=\"wp-block-button\"><a class=\"wp-block-button__link wp-element-button\" href=\"https:\/\/smart-training.ca\/summer-school-20https:\/\/smart-training.ca\/fr\/blog\/2025\/08\/01\/ecole-dete-2025\/\">En savoir plus<\/a><\/div>\n<\/div>\n<\/div><\/div>\n\n\n\n<div class=\"wp-block-media-text is-stacked-on-mobile\" style=\"grid-template-columns:26% auto\"><figure class=\"wp-block-media-text__media\"><img loading=\"lazy\" decoding=\"async\" width=\"1024\" height=\"1024\" src=\"https:\/\/smart-training.ca\/fr\/wp-content\/uploads\/sites\/2\/2024\/12\/haejoo-seminar-picture-1024x1024.png\" alt=\"\" class=\"wp-image-5228 size-full\" srcset=\"https:\/\/smart-training.ca\/fr\/wp-content\/uploads\/sites\/2\/2024\/12\/haejoo-seminar-picture-1024x1024.png 1024w, https:\/\/smart-training.ca\/fr\/wp-content\/uploads\/sites\/2\/2024\/12\/haejoo-seminar-picture-300x300.png 300w, https:\/\/smart-training.ca\/fr\/wp-content\/uploads\/sites\/2\/2024\/12\/haejoo-seminar-picture-150x150.png 150w, https:\/\/smart-training.ca\/fr\/wp-content\/uploads\/sites\/2\/2024\/12\/haejoo-seminar-picture-768x768.png 768w, https:\/\/smart-training.ca\/fr\/wp-content\/uploads\/sites\/2\/2024\/12\/haejoo-seminar-picture.png 1080w\" sizes=\"auto, (max-width: 1024px) 100vw, 1024px\" \/><\/figure><div class=\"wp-block-media-text__content\">\n<p>D\u00e9cembre 2024<\/p>\n\n\n\n<div class=\"wp-block-uagb-advanced-heading uagb-block-53840dca\"><h5 class=\"uagb-heading-text\">S\u00e9minaire<\/h5><\/div>\n\n\n\n<div class=\"wp-block-buttons is-layout-flex wp-block-buttons-is-layout-flex\">\n<div class=\"wp-block-button\"><a class=\"wp-block-button__link wp-element-button\">Voir le webinaire ici<\/a><\/div>\n<\/div>\n<\/div><\/div>\n\n\n\n<div class=\"wp-block-media-text is-stacked-on-mobile\" style=\"grid-template-columns:26% auto\"><figure class=\"wp-block-media-text__media\"><img loading=\"lazy\" decoding=\"async\" width=\"1024\" height=\"1024\" src=\"https:\/\/smart-training.ca\/wp-content\/uploads\/2024\/02\/English-1-1-1024x1024.png\" alt=\"\" class=\"wp-image-4148 size-full\" srcset=\"https:\/\/smart-training.ca\/fr\/wp-content\/uploads\/sites\/2\/2024\/02\/English-1-1-1024x1024.png 1024w, https:\/\/smart-training.ca\/fr\/wp-content\/uploads\/sites\/2\/2024\/02\/English-1-1-300x300.png 300w, https:\/\/smart-training.ca\/fr\/wp-content\/uploads\/sites\/2\/2024\/02\/English-1-1-150x150.png 150w, https:\/\/smart-training.ca\/fr\/wp-content\/uploads\/sites\/2\/2024\/02\/English-1-1-768x768.png 768w, https:\/\/smart-training.ca\/fr\/wp-content\/uploads\/sites\/2\/2024\/02\/English-1-1.png 1080w\" sizes=\"auto, (max-width: 1024px) 100vw, 1024px\" \/><\/figure><div class=\"wp-block-media-text__content\">\n<div style=\"height:45px\" aria-hidden=\"true\" class=\"wp-block-spacer\"><\/div>\n\n\n\n<p>Juin 2024<\/p>\n\n\n\n<div class=\"wp-block-uagb-advanced-heading uagb-block-4f031582\"><h5 class=\"uagb-heading-text\">Points d&rsquo;entr\u00e9e pour des solutions \u00e0 l&rsquo;\u00e9chelle pour des \u00e9conomies circulaires urbaines et rurales prosp\u00e8res et r\u00e9silientes.&nbsp;&nbsp;<\/h5><\/div>\n\n\n\n<p>La conf\u00e9rence des Villes Saines a pour objectif de rassembler des chercheurs, des stagiaires, des praticiens et des utilisateurs de connaissances int\u00e9ress\u00e9s par la construction de villes saines afin de favoriser la collaboration et l&rsquo;\u00e9change de connaissances..<\/p>\n\n\n\n<div class=\"wp-block-buttons is-layout-flex wp-block-buttons-is-layout-flex\">\n<div class=\"wp-block-button\"><a class=\"wp-block-button__link wp-element-button\" href=\"https:\/\/smart-training.ca\/third-annual-healthy-cities-conference\/\">Learn More!<\/a><\/div>\n<\/div>\n<\/div><\/div>\n\n\n\n<div style=\"height:45px\" aria-hidden=\"true\" class=\"wp-block-spacer\"><\/div>\n\n\n\n<div class=\"wp-block-media-text is-stacked-on-mobile\" style=\"grid-template-columns:26% auto\"><figure class=\"wp-block-media-text__media\"><img loading=\"lazy\" decoding=\"async\" width=\"1024\" height=\"683\" src=\"https:\/\/smart-training.ca\/fr\/wp-content\/uploads\/sites\/2\/2024\/09\/IMG_8728-1-1024x683.jpg\" alt=\"\" class=\"wp-image-4647 size-full\" srcset=\"https:\/\/smart-training.ca\/fr\/wp-content\/uploads\/sites\/2\/2024\/09\/IMG_8728-1-1024x683.jpg 1024w, https:\/\/smart-training.ca\/fr\/wp-content\/uploads\/sites\/2\/2024\/09\/IMG_8728-1-300x200.jpg 300w, https:\/\/smart-training.ca\/fr\/wp-content\/uploads\/sites\/2\/2024\/09\/IMG_8728-1-768x512.jpg 768w, https:\/\/smart-training.ca\/fr\/wp-content\/uploads\/sites\/2\/2024\/09\/IMG_8728-1-1536x1024.jpg 1536w, https:\/\/smart-training.ca\/fr\/wp-content\/uploads\/sites\/2\/2024\/09\/IMG_8728-1-2048x1365.jpg 2048w\" sizes=\"auto, (max-width: 1024px) 100vw, 1024px\" \/><\/figure><div class=\"wp-block-media-text__content\">\n<p>mai 2024&nbsp;&nbsp;<\/p>\n\n\n\n<div class=\"wp-block-uagb-advanced-heading uagb-block-e8070ec7\"><h5 class=\"uagb-heading-text\">Summer School 2024<\/h5><\/div>\n\n\n\n<p>&nbsp;Cette \u00e9cole d&rsquo;\u00e9t\u00e9 a eu lieu \u00e0 l&rsquo;Universit\u00e9 McGill \u00e0 Montr\u00e9al, Canada, avec pour th\u00e8me \u00ab\u00a0Exploiter la puissance de la science des donn\u00e9es, de l&rsquo;IA et de l&rsquo;intelligence humaine, de l&rsquo;innovation et de l&rsquo;entrepreneuriat pour construire et relier la soci\u00e9t\u00e9 d&rsquo;apprentissage et les syst\u00e8mes de sant\u00e9\u00a0\u00bb.<\/p>\n\n\n\n<div class=\"wp-block-buttons is-layout-flex wp-block-buttons-is-layout-flex\">\n<div class=\"wp-block-button\"><a class=\"wp-block-button__link wp-element-button\" href=\"https:\/\/smart-training.ca\/fr\/2024-summer-school\/\">En savoir plus<\/a><\/div>\n<\/div>\n<\/div><\/div>\n\n\n\n<div style=\"height:50px\" aria-hidden=\"true\" class=\"wp-block-spacer\"><\/div>\n\n\n\n<div class=\"wp-block-media-text is-stacked-on-mobile\" style=\"grid-template-columns:26% auto\"><figure class=\"wp-block-media-text__media\"><img loading=\"lazy\" decoding=\"async\" width=\"1024\" height=\"1024\" src=\"https:\/\/smart-training.ca\/fr\/wp-content\/uploads\/sites\/2\/2023\/11\/Copy-of-Copy-of-Call-for-Abstracts-Instagram-Post-1024x1024.png\" alt=\"\" class=\"wp-image-3936 size-full\" srcset=\"https:\/\/smart-training.ca\/fr\/wp-content\/uploads\/sites\/2\/2023\/11\/Copy-of-Copy-of-Call-for-Abstracts-Instagram-Post-1024x1024.png 1024w, https:\/\/smart-training.ca\/fr\/wp-content\/uploads\/sites\/2\/2023\/11\/Copy-of-Copy-of-Call-for-Abstracts-Instagram-Post-300x300.png 300w, https:\/\/smart-training.ca\/fr\/wp-content\/uploads\/sites\/2\/2023\/11\/Copy-of-Copy-of-Call-for-Abstracts-Instagram-Post-150x150.png 150w, https:\/\/smart-training.ca\/fr\/wp-content\/uploads\/sites\/2\/2023\/11\/Copy-of-Copy-of-Call-for-Abstracts-Instagram-Post-768x768.png 768w, https:\/\/smart-training.ca\/fr\/wp-content\/uploads\/sites\/2\/2023\/11\/Copy-of-Copy-of-Call-for-Abstracts-Instagram-Post.png 1080w\" sizes=\"auto, (max-width: 1024px) 100vw, 1024px\" \/><\/figure><div class=\"wp-block-media-text__content\">\n<p>novembre 2023<\/p>\n\n\n\n<div class=\"wp-block-uagb-advanced-heading uagb-block-3bc961d7\"><h5 class=\"uagb-heading-text\">The Second Annual Healthy Cities Conference: Imagining Healthy and Smart Cities of the Future \u2013 Building Towards Systemic and High Dimensional Change, a New FramewoDeuxi\u00e8me conf\u00e9rence annuelle des villes saines: Imaginer les villes saines et intelligentes de l&rsquo;avenir &#8211; Vers un changement syst\u00e9mique et \u00e0 haute dimension, un nouveau cadre de r\u00e9f\u00e9rence&nbsp;<\/h5><p class=\"uagb-desc-text\">Alors que les villes du monde entier continuent de se d\u00e9velopper, de nouvelles fa\u00e7ons de penser et la mise en \u0153uvre des solutions innovantes sont n\u00e9cessaires pour r\u00e9soudre les nombreux probl\u00e8mes complexes qui sont identifi\u00e9s. Participez \u00e0 cette conf\u00e9rence pour en savoir plus sur les d\u00e9fis actuels et les solutions potentielles pour des villes saines, o\u00f9 nous pouvons tous vivre, travailler et nous d\u00e9tendre.&nbsp;<br><\/p><\/div>\n\n\n\n<div class=\"wp-block-buttons is-layout-flex wp-block-buttons-is-layout-flex\">\n<div class=\"wp-block-button\"><a class=\"wp-block-button__link wp-element-button\" href=\"https:\/\/smart-training.ca\/fr\/the-second-annual-healthy-cities-conference-2\/\">En savoir plus!<\/a><\/div>\n<\/div>\n<\/div><\/div>\n\n\n\n<div style=\"height:50px\" aria-hidden=\"true\" class=\"wp-block-spacer\"><\/div>\n\n\n\n<div class=\"wp-block-media-text is-stacked-on-mobile\" style=\"grid-template-columns:26% auto\"><figure class=\"wp-block-media-text__media\"><img loading=\"lazy\" decoding=\"async\" width=\"1024\" height=\"1024\" src=\"https:\/\/smart-training.ca\/fr\/wp-content\/uploads\/sites\/2\/2023\/11\/SMART-Training-Platform-Summer-School-1-1024x1024.png\" alt=\"\" class=\"wp-image-3883 size-full\" srcset=\"https:\/\/smart-training.ca\/fr\/wp-content\/uploads\/sites\/2\/2023\/11\/SMART-Training-Platform-Summer-School-1-1024x1024.png 1024w, https:\/\/smart-training.ca\/fr\/wp-content\/uploads\/sites\/2\/2023\/11\/SMART-Training-Platform-Summer-School-1-300x300.png 300w, https:\/\/smart-training.ca\/fr\/wp-content\/uploads\/sites\/2\/2023\/11\/SMART-Training-Platform-Summer-School-1-150x150.png 150w, https:\/\/smart-training.ca\/fr\/wp-content\/uploads\/sites\/2\/2023\/11\/SMART-Training-Platform-Summer-School-1-768x768.png 768w, https:\/\/smart-training.ca\/fr\/wp-content\/uploads\/sites\/2\/2023\/11\/SMART-Training-Platform-Summer-School-1.png 1080w\" sizes=\"auto, (max-width: 1024px) 100vw, 1024px\" \/><\/figure><div class=\"wp-block-media-text__content\">\n<p>juin 2023<\/p>\n\n\n\n<div class=\"wp-block-uagb-advanced-heading uagb-block-8623d4c3\"><h5 class=\"uagb-heading-text\">Cours d&rsquo;\u00e9t\u00e9 sur les sciences de l&rsquo;application&nbsp;<\/h5><p class=\"uagb-desc-text\">Les cours d&rsquo;\u00e9t\u00e9 de la plateforme de formation SMART sont l&rsquo;occasion d&rsquo;apprendre de nouveaux concepts, m\u00e9thodes et perspectives dans le domaine de la science d&rsquo;application. Cette exp\u00e9rience d&rsquo;apprentissage comprend des sessions interactives en petits groupes, des tables rondes, ainsi qu&rsquo;un concours d&rsquo;\u00e9tudes de cas o\u00f9 des groupes interdisciplinaires se sont form\u00e9s pour r\u00e9soudre un d\u00e9fi du monde r\u00e9el pos\u00e9 par des partenaires sectoriels.<\/p><\/div>\n\n\n\n<div class=\"wp-block-buttons is-layout-flex wp-block-buttons-is-layout-flex\">\n<div class=\"wp-block-button\"><a class=\"wp-block-button__link wp-element-button\" href=\"https:\/\/smart-training.ca\/fr\/the-implementation-science-summer-school\/\">En savoir plus!<\/a><\/div>\n<\/div>\n<\/div><\/div>\n\n\n\n<div style=\"height:50px\" aria-hidden=\"true\" class=\"wp-block-spacer\"><\/div>\n\n\n\n<div class=\"wp-block-media-text is-stacked-on-mobile\" style=\"grid-template-columns:26% auto\"><figure class=\"wp-block-media-text__media\"><img loading=\"lazy\" decoding=\"async\" width=\"1024\" height=\"1024\" src=\"https:\/\/smart-training.ca\/fr\/wp-content\/uploads\/sites\/2\/2023\/11\/SMART-Training-Platform-Summer-School-2-1024x1024.png\" alt=\"\" class=\"wp-image-3882 size-thumbnail\" srcset=\"https:\/\/smart-training.ca\/fr\/wp-content\/uploads\/sites\/2\/2023\/11\/SMART-Training-Platform-Summer-School-2-1024x1024.png 1024w, https:\/\/smart-training.ca\/fr\/wp-content\/uploads\/sites\/2\/2023\/11\/SMART-Training-Platform-Summer-School-2-300x300.png 300w, https:\/\/smart-training.ca\/fr\/wp-content\/uploads\/sites\/2\/2023\/11\/SMART-Training-Platform-Summer-School-2-150x150.png 150w, https:\/\/smart-training.ca\/fr\/wp-content\/uploads\/sites\/2\/2023\/11\/SMART-Training-Platform-Summer-School-2-768x768.png 768w, https:\/\/smart-training.ca\/fr\/wp-content\/uploads\/sites\/2\/2023\/11\/SMART-Training-Platform-Summer-School-2.png 1080w\" sizes=\"auto, (max-width: 1024px) 100vw, 1024px\" \/><\/figure><div class=\"wp-block-media-text__content\">\n<p>novembre 2022<\/p>\n\n\n\n<div class=\"wp-block-uagb-advanced-heading uagb-block-092732da\"><h5 class=\"uagb-heading-text\">Premi\u00e8re conf\u00e9rence annuelle des villes saines&nbsp;<\/h5><p class=\"uagb-desc-text\">En novembre 2022, nous avons accueilli la premi\u00e8re conf\u00e9rence annuelle des villes saines \u00e0 Ottawa, Ontario. En nous concentrant sur la place centrale de l&rsquo;alimentation dans les villes, nous avons discut\u00e9 de sujets cl\u00e9s tels que l&rsquo;utilisation des \u00ab\u00a0big data\u00a0\u00bb pour cr\u00e9er des solutions intelligentes pour les environnements urbains, les d\u00e9fis pertinents auxquels les communaut\u00e9s autochtones sont confront\u00e9es et les nombreuses facettes de l&rsquo;\u00e9conomie circulaire dans les villes de l&rsquo;avenir. Notre objectif \u00e9tait d&rsquo;\u00e9largir la compr\u00e9hension de la science de l&rsquo;application et d&rsquo;explorer comment construire et soutenir des villes saines \u00e0 travers l&rsquo;excellence de la recherche, le renforcement des capacit\u00e9s et la mobilisation des connaissances.&nbsp;<\/p><\/div>\n\n\n\n<div class=\"wp-block-buttons is-layout-flex wp-block-buttons-is-layout-flex\">\n<div class=\"wp-block-button\"><a class=\"wp-block-button__link wp-element-button\" href=\"https:\/\/smart-training.ca\/fr\/annual-conference-2\/\">En savoir plus!<\/a><\/div>\n<\/div>\n<\/div><\/div>\n\n\n\n<div style=\"height:50px\" aria-hidden=\"true\" class=\"wp-block-spacer\"><\/div>\n\n\n\n<div class=\"wp-block-media-text is-stacked-on-mobile\" style=\"grid-template-columns:26% auto\"><figure class=\"wp-block-media-text__media\"><img loading=\"lazy\" decoding=\"async\" width=\"1024\" height=\"1024\" src=\"https:\/\/smart-training.ca\/fr\/wp-content\/uploads\/sites\/2\/2023\/11\/SMART-Training-Platform-Summer-School-3-1024x1024.png\" alt=\"\" class=\"wp-image-3884 size-thumbnail\" srcset=\"https:\/\/smart-training.ca\/fr\/wp-content\/uploads\/sites\/2\/2023\/11\/SMART-Training-Platform-Summer-School-3-1024x1024.png 1024w, https:\/\/smart-training.ca\/fr\/wp-content\/uploads\/sites\/2\/2023\/11\/SMART-Training-Platform-Summer-School-3-300x300.png 300w, https:\/\/smart-training.ca\/fr\/wp-content\/uploads\/sites\/2\/2023\/11\/SMART-Training-Platform-Summer-School-3-150x150.png 150w, https:\/\/smart-training.ca\/fr\/wp-content\/uploads\/sites\/2\/2023\/11\/SMART-Training-Platform-Summer-School-3-768x768.png 768w, https:\/\/smart-training.ca\/fr\/wp-content\/uploads\/sites\/2\/2023\/11\/SMART-Training-Platform-Summer-School-3.png 1080w\" sizes=\"auto, (max-width: 1024px) 100vw, 1024px\" \/><\/figure><div class=\"wp-block-media-text__content\">\n<p>juin 2022<\/p>\n\n\n\n<div class=\"wp-block-uagb-advanced-heading uagb-block-b68c5edb\"><h5 class=\"uagb-heading-text\">Cours d&rsquo;\u00e9t\u00e9 sur l&rsquo;\u00e9conomie circulaire&nbsp;<\/h5><p class=\"uagb-desc-text\">Le programme a permis aux participants de mieux comprendre les sujets inh\u00e9rents au d\u00e9veloppement et au maintien des \u00e9conomies circulaires et les approches pour r\u00e9soudre ces probl\u00e8mes. Cela comprend les opportunit\u00e9s et les d\u00e9fis qui se pr\u00e9sentent dans le cadre de la r\u00e9volution agroalimentaire circulaire et num\u00e9rique, des villes saines et des syst\u00e8mes alimentaires circulaires. L&rsquo;exp\u00e9rience d&rsquo;apprentissage comprendra de petites sessions et activit\u00e9s interactives ainsi que des concours d&rsquo;\u00e9tudes de cas o\u00f9 des groupes interdisciplinaires se forment pour r\u00e9soudre un d\u00e9fi du \u00ab\u00a0monde r\u00e9el\u00a0\u00bb pos\u00e9 par un partenaire du secteur.&nbsp;<br>&nbsp;<\/p><\/div>\n\n\n\n<div class=\"wp-block-buttons is-layout-flex wp-block-buttons-is-layout-flex\">\n<div class=\"wp-block-button\"><a class=\"wp-block-button__link wp-element-button\" href=\"https:\/\/smart-training.ca\/fr\/the-circular-economy-summer-school\/\">En savoir plus!<\/a><\/div>\n<\/div>\n<\/div><\/div>\n\n\n\n<div style=\"height:50px\" aria-hidden=\"true\" class=\"wp-block-spacer\"><\/div>\n\n\n\n<div class=\"wp-block-media-text is-stacked-on-mobile\" style=\"grid-template-columns:26% auto\"><figure class=\"wp-block-media-text__media\"><img loading=\"lazy\" decoding=\"async\" width=\"1024\" height=\"1024\" src=\"https:\/\/smart-training.ca\/fr\/wp-content\/uploads\/sites\/2\/2023\/03\/Copy-of-Webinar-Instagram-Post-1024x1024.png\" alt=\"\" class=\"wp-image-3420 size-thumbnail\" srcset=\"https:\/\/smart-training.ca\/fr\/wp-content\/uploads\/sites\/2\/2023\/03\/Copy-of-Webinar-Instagram-Post-1024x1024.png 1024w, https:\/\/smart-training.ca\/fr\/wp-content\/uploads\/sites\/2\/2023\/03\/Copy-of-Webinar-Instagram-Post-300x300.png 300w, https:\/\/smart-training.ca\/fr\/wp-content\/uploads\/sites\/2\/2023\/03\/Copy-of-Webinar-Instagram-Post-150x150.png 150w, https:\/\/smart-training.ca\/fr\/wp-content\/uploads\/sites\/2\/2023\/03\/Copy-of-Webinar-Instagram-Post-768x768.png 768w, https:\/\/smart-training.ca\/fr\/wp-content\/uploads\/sites\/2\/2023\/03\/Copy-of-Webinar-Instagram-Post.png 1080w\" sizes=\"auto, (max-width: 1024px) 100vw, 1024px\" \/><\/figure><div class=\"wp-block-media-text__content\">\n<p>mai 2022<\/p>\n\n\n\n<div class=\"wp-block-uagb-advanced-heading uagb-block-41dbbb8e\"><h5 class=\"uagb-heading-text\">Webinaire<\/h5><p class=\"uagb-desc-text\">Professeur associ\u00e9 au sein du groupe de marketing et de comportement du consommateur de l&rsquo;Universit\u00e9 de Wageningen<\/p><\/div>\n\n\n\n<div class=\"wp-block-buttons is-layout-flex wp-block-buttons-is-layout-flex\">\n<div class=\"wp-block-button\"><a class=\"wp-block-button__link wp-element-button\" href=\"webinar-dr-ellen-van-kleef\">En savoir plus!<\/a><\/div>\n<\/div>\n<\/div><\/div>\n\n\n\n<div style=\"height:50px\" aria-hidden=\"true\" class=\"wp-block-spacer\"><\/div>\n\n\n\n<div class=\"wp-block-media-text is-stacked-on-mobile\" style=\"grid-template-columns:26% auto\"><figure class=\"wp-block-media-text__media\"><img loading=\"lazy\" decoding=\"async\" width=\"1024\" height=\"1024\" src=\"https:\/\/smart-training.ca\/fr\/wp-content\/uploads\/sites\/2\/2023\/11\/Copy-of-Webinar-Instagram-Post-1-1024x1024.png\" alt=\"\" class=\"wp-image-3885 size-thumbnail\" srcset=\"https:\/\/smart-training.ca\/fr\/wp-content\/uploads\/sites\/2\/2023\/11\/Copy-of-Webinar-Instagram-Post-1-1024x1024.png 1024w, https:\/\/smart-training.ca\/fr\/wp-content\/uploads\/sites\/2\/2023\/11\/Copy-of-Webinar-Instagram-Post-1-300x300.png 300w, https:\/\/smart-training.ca\/fr\/wp-content\/uploads\/sites\/2\/2023\/11\/Copy-of-Webinar-Instagram-Post-1-150x150.png 150w, https:\/\/smart-training.ca\/fr\/wp-content\/uploads\/sites\/2\/2023\/11\/Copy-of-Webinar-Instagram-Post-1-768x768.png 768w, https:\/\/smart-training.ca\/fr\/wp-content\/uploads\/sites\/2\/2023\/11\/Copy-of-Webinar-Instagram-Post-1.png 1080w\" sizes=\"auto, (max-width: 1024px) 100vw, 1024px\" \/><\/figure><div class=\"wp-block-media-text__content\">\n<p>avril 2022<\/p>\n\n\n\n<div class=\"wp-block-uagb-advanced-heading uagb-block-29e8826f\"><h5 class=\"uagb-heading-text\">Webinaire<\/h5><p class=\"uagb-desc-text\">Optimiser la science de l&rsquo;application li\u00e9e au VIH avec Dr. Stefan Baral.&nbsp;<\/p><\/div>\n\n\n\n<div class=\"wp-block-buttons is-layout-flex wp-block-buttons-is-layout-flex\">\n<div class=\"wp-block-button\"><a class=\"wp-block-button__link wp-element-button\" href=\"webinar-dr-stefan-baralwebinar\">En savoir plus!<\/a><\/div>\n<\/div>\n<\/div><\/div>\n\n\n\n<div style=\"height:10px\" aria-hidden=\"true\" class=\"wp-block-spacer\"><\/div>\n\n\n\n<p><\/p>\n","protected":false},"excerpt":{"rendered":"<p>Nos \u00e9v\u00e9nements&nbsp; La plateforme de formation SMART est con\u00e7ue pour fournir aux stagiaires les connaissances et les comp\u00e9tences n\u00e9cessaires pour aborder les nombreux d\u00e9fis auxquels font face les environnements urbains, en cr\u00e9ant des solutions intelligentes pour am\u00e9liorer l&rsquo;acc\u00e8s \u00e0 l&rsquo;alimentation, la mobilit\u00e9 et la sant\u00e9 dans les communaut\u00e9s canadiennes, incluant les Premi\u00e8res Nations. Nos efforts [&hellip;]<\/p>\n","protected":false},"author":4,"featured_media":0,"parent":0,"menu_order":0,"comment_status":"closed","ping_status":"closed","template":"","meta":{"_eb_attr":"","_uag_custom_page_level_css":"","site-sidebar-layout":"default","site-content-layout":"","ast-site-content-layout":"default","site-content-style":"default","site-sidebar-style":"default","ast-global-header-display":"","ast-banner-title-visibility":"","ast-main-header-display":"","ast-hfb-above-header-display":"","ast-hfb-below-header-display":"","ast-hfb-mobile-header-display":"","site-post-title":"disabled","ast-breadcrumbs-content":"","ast-featured-img":"","footer-sml-layout":"","theme-transparent-header-meta":"","adv-header-id-meta":"","stick-header-meta":"","header-above-stick-meta":"","header-main-stick-meta":"","header-below-stick-meta":"","astra-migrate-meta-layouts":"set","ast-page-background-enabled":"default","ast-page-background-meta":{"desktop":{"background-color":"","background-image":"","background-repeat":"repeat","background-position":"center center","background-size":"auto","background-attachment":"scroll","background-type":"","background-media":"","overlay-type":"","overlay-color":"","overlay-opacity":"","overlay-gradient":""},"tablet":{"background-color":"","background-image":"","background-repeat":"repeat","background-position":"center center","background-size":"auto","background-attachment":"scroll","background-type":"","background-media":"","overlay-type":"","overlay-color":"","overlay-opacity":"","overlay-gradient":""},"mobile":{"background-color":"","background-image":"","background-repeat":"repeat","background-position":"center center","background-size":"auto","background-attachment":"scroll","background-type":"","background-media":"","overlay-type":"","overlay-color":"","overlay-opacity":"","overlay-gradient":""}},"ast-content-background-meta":{"desktop":{"background-color":"var(--ast-global-color-5)","background-image":"","background-repeat":"repeat","background-position":"center center","background-size":"auto","background-attachment":"scroll","background-type":"","background-media":"","overlay-type":"","overlay-color":"","overlay-opacity":"","overlay-gradient":""},"tablet":{"background-color":"var(--ast-global-color-5)","background-image":"","background-repeat":"repeat","background-position":"center center","background-size":"auto","background-attachment":"scroll","background-type":"","background-media":"","overlay-type":"","overlay-color":"","overlay-opacity":"","overlay-gradient":""},"mobile":{"background-color":"var(--ast-global-color-5)","background-image":"","background-repeat":"repeat","background-position":"center center","background-size":"auto","background-attachment":"scroll","background-type":"","background-media":"","overlay-type":"","overlay-color":"","overlay-opacity":"","overlay-gradient":""}},"footnotes":""},"class_list":["post-1994","page","type-page","status-publish","hentry"],"uagb_featured_image_src":{"full":false,"thumbnail":false,"medium":false,"medium_large":false,"large":false,"1536x1536":false,"2048x2048":false,"gform-image-choice-sm":false,"gform-image-choice-md":false,"gform-image-choice-lg":false},"uagb_author_info":{"display_name":"Madison Rodrigue","author_link":"https:\/\/smart-training.ca\/fr\/blog\/author\/madison\/"},"uagb_comment_info":0,"uagb_excerpt":"Nos \u00e9v\u00e9nements&nbsp; La plateforme de formation SMART est con\u00e7ue pour fournir aux stagiaires les connaissances et les comp\u00e9tences n\u00e9cessaires pour aborder les nombreux d\u00e9fis auxquels font face les environnements urbains, en cr\u00e9ant des solutions intelligentes pour am\u00e9liorer l&rsquo;acc\u00e8s \u00e0 l&rsquo;alimentation, la mobilit\u00e9 et la sant\u00e9 dans les communaut\u00e9s canadiennes, incluant les Premi\u00e8res Nations. Nos efforts&hellip;","_links":{"self":[{"href":"https:\/\/smart-training.ca\/fr\/wp-json\/wp\/v2\/pages\/1994","targetHints":{"allow":["GET"]}}],"collection":[{"href":"https:\/\/smart-training.ca\/fr\/wp-json\/wp\/v2\/pages"}],"about":[{"href":"https:\/\/smart-training.ca\/fr\/wp-json\/wp\/v2\/types\/page"}],"author":[{"embeddable":true,"href":"https:\/\/smart-training.ca\/fr\/wp-json\/wp\/v2\/users\/4"}],"replies":[{"embeddable":true,"href":"https:\/\/smart-training.ca\/fr\/wp-json\/wp\/v2\/comments?post=1994"}],"version-history":[{"count":3,"href":"https:\/\/smart-training.ca\/fr\/wp-json\/wp\/v2\/pages\/1994\/revisions"}],"predecessor-version":[{"id":5264,"href":"https:\/\/smart-training.ca\/fr\/wp-json\/wp\/v2\/pages\/1994\/revisions\/5264"}],"wp:attachment":[{"href":"https:\/\/smart-training.ca\/fr\/wp-json\/wp\/v2\/media?parent=1994"}],"curies":[{"name":"wp","href":"https:\/\/api.w.org\/{rel}","templated":true}]}}