{"id":2272,"date":"2022-07-08T10:23:02","date_gmt":"2022-07-08T14:23:02","guid":{"rendered":"https:\/\/smart-training.ca\/fr\/?page_id=2272"},"modified":"2024-10-02T13:33:05","modified_gmt":"2024-10-02T17:33:05","slug":"our-courses","status":"publish","type":"page","link":"https:\/\/smart-training.ca\/fr\/our-courses\/","title":{"rendered":"Methods Cafe Course"},"content":{"rendered":"\n<div style=\"height:50px\" aria-hidden=\"true\" class=\"wp-block-spacer\"><\/div>\n\n\n\n<div class=\"wp-block-cover\"><span aria-hidden=\"true\" class=\"wp-block-cover__background has-background-dim\"><\/span><img loading=\"lazy\" decoding=\"async\" width=\"960\" height=\"640\" class=\"wp-block-cover__image-background wp-image-4886\" alt=\"\" src=\"https:\/\/smart-training.ca\/fr\/wp-content\/uploads\/sites\/2\/2024\/09\/image.jpeg\" data-object-fit=\"cover\" srcset=\"https:\/\/smart-training.ca\/fr\/wp-content\/uploads\/sites\/2\/2024\/09\/image.jpeg 960w, https:\/\/smart-training.ca\/fr\/wp-content\/uploads\/sites\/2\/2024\/09\/image-300x200.jpeg 300w, https:\/\/smart-training.ca\/fr\/wp-content\/uploads\/sites\/2\/2024\/09\/image-768x512.jpeg 768w\" sizes=\"auto, (max-width: 960px) 100vw, 960px\" \/><div class=\"wp-block-cover__inner-container is-layout-flow wp-block-cover-is-layout-flow\">\n<p class=\"has-text-align-center has-large-font-size\"><\/p>\n<\/div><\/div>\n\n\n\n<h1 class=\"wp-block-heading\">Methods Caf\u00e9 Course<\/h1>\n\n\n\n<p class=\"has-medium-font-size\">Gr\u00e2ce \u00e0 l&rsquo;interdisciplinarit\u00e9, \u00e0 la pens\u00e9e critique et \u00e0 la science de la mise en \u0153uvre, ce cours se concentre sur la conception et l&rsquo;ex\u00e9cution de solutions efficaces, \u00e9volutives et durables pour rendre les environnements urbains et communautaires plus intelligents, plus sains, plus vivables et plus r\u00e9silients.<\/p>\n\n\n\n<h2 class=\"wp-block-heading\">Description du cours :\u00a0<\/h2>\n\n\n\n<p>Ce cours expose les \u00e9tudiants \u00e0 de nouvelles recherches dans divers domaines &#8211; de l&rsquo;informatique \u00e0 la sant\u00e9 et \u00e0 la nutrition, en passant par la sociologie, le marketing et l&rsquo;\u00e9cologie &#8211; afin d&rsquo;explorer les d\u00e9fis complexes auxquels les environnements urbains sont confront\u00e9s en ce qui concerne l&rsquo;acc\u00e8s \u00e0 la nourriture, la mobilit\u00e9 et la sant\u00e9 globale de la population. En s&rsquo;inspirant des contextes canadien (y compris des Premi\u00e8res nations) et mondial, les \u00e9tudiants s&rsquo;engageront dans la science de la mise en \u0153uvre, c&rsquo;est-\u00e0-dire qu&rsquo;ils apprendront comment passer de la connaissance \u00e0 l&rsquo;action, des premi\u00e8res \u00e9tapes de la conception \u00e0 l&rsquo;ex\u00e9cution, au test, \u00e0 l&rsquo;expansion et \u00e0 l&rsquo;\u00e9valuation. Les \u00e9tudiants se plongeront dans les m\u00e9thodes de pointe de la science de la mise en \u0153uvre qui vont de l&rsquo;engagement communautaire efficace \u00e0 la science informatique. Dans l&rsquo;ensemble, le cours encouragera les \u00e9tudiants \u00e0 faire preuve d&rsquo;esprit critique et \u00e0 int\u00e9grer les connaissances et la pratique pour r\u00e9soudre des probl\u00e8mes soci\u00e9taux complexes et trouver des moyens de rendre les villes plus saines, plus vivables et plus r\u00e9silientes.\u00a0<\/p>\n\n\n\n<h2 class=\"wp-block-heading\">R\u00e9sultats de l&rsquo;apprentissage\u00a0\u00a0<\/h2>\n\n\n\n<p>\u00c0 l&rsquo;issue de ce cours, les \u00e9tudiants auront d\u00e9montr\u00e9 leur capacit\u00e9 \u00e0:<\/p>\n\n\n\n<ol class=\"wp-block-list\">\n<li>D\u00e9crire et int\u00e9grer les concepts et les perspectives de diverses disciplines qui sont essentiels \u00e0 l&rsquo;\u00e9tude des villes saines et de la science de la mise en \u0153uvre.<\/li>\n\n\n\n<li>Discuter et r\u00e9fl\u00e9chir \u00e0 l&rsquo;applicabilit\u00e9 de diverses m\u00e9thodes de la science de la mise en \u0153uvre pour r\u00e9soudre les probl\u00e8mes dans les environnements urbains.\u00a0\u00a0<\/li>\n\n\n\n<li>Proposer des solutions \u00e0 un probl\u00e8me sp\u00e9cifique de villes saines de leur choix, en justifiant le choix des m\u00e9thodes et en pr\u00e9disant les r\u00e9sultats potentiels.\u00a0\u00a0<\/li>\n\n\n\n<li>Faire preuve de leadership et de comp\u00e9tences en mati\u00e8re de r\u00e9seautage avec les pairs et les instructeurs.\u00a0\u00a0<\/li>\n\n\n\n<li>D\u00e9montrer leur aptitude \u00e0 la collaboration interdisciplinaire et au co-apprentissage.\u00a0\u00a0<\/li>\n<\/ol>\n\n\n\n<h2 class=\"wp-block-heading\">Th\u00e8mes et calendrier des cours\u00a0\u00a0<\/h2>\n\n\n\n<figure class=\"wp-block-table is-style-stripes\"><table><tbody><tr><td><strong>Semaine<\/strong><\/td><td><strong>Sujet\u00a0\u00a0<\/strong><\/td><\/tr><tr><td><strong>S<\/strong>emaine 1<\/td><td>Qu&rsquo;est-ce que la \u00ab\u00a0science de la mise en \u0153uvre\u00a0\u00bb ?\u00a0\u00a0<\/td><\/tr><tr><td>Semaine 2<\/td><td>La pens\u00e9e syst\u00e9mique\u00a0\u00a0<\/td><\/tr><tr><td>Semaine 3<\/td><td>Villes saines et villes intelligentes\u00a0\u00a0<\/td><\/tr><tr><td>Semaine 4<\/td><td>Convergence par la conception\u00a0\u00a0<\/td><\/tr><tr><td>Semaine<strong> <\/strong>5<\/td><td>Analyse fond\u00e9e sur le sexe et le genre (SGBA+)\u00a0\u00a0<\/td><\/tr><tr><td>Semaine 6<\/td><td>Sant\u00e9 num\u00e9rique et r\u00e9sultats centr\u00e9s sur le patient\u00a0\u00a0<\/td><\/tr><tr><td><em>Reading Week<\/em><\/td><td>&nbsp;<em>Tentative<\/em><\/td><\/tr><tr><td>Semaine 7<\/td><td>Epid\u00e9miologie socio-spatiale<\/td><\/tr><tr><td>Semaine<strong> <\/strong>8<\/td><td>Introduction \u00e0 la mod\u00e9lisation (d\u00e9finitions, concepts, objectifs et types de mod\u00e8les)\u00a0<\/td><\/tr><tr><td>Semaine 9<\/td><td>Recherche participative bas\u00e9e sur la communaut\u00e9\u00a0\u00a0<\/td><\/tr><tr><td>Semaine 10<\/td><td>Introduction \u00e0 la science des donn\u00e9es et \u00e0 l&rsquo;IA, traitement du langage naturel, traitement de texte, disponibilit\u00e9 des donn\u00e9es\u00a0\u00a0<\/td><\/tr><tr><td>Semaine<strong> 11<\/strong><\/td><td>Introduction \u00e0 l&rsquo;\u00e9conomie de la sant\u00e9\u00a0\u00a0<\/td><\/tr><tr><td>Semaine 12<\/td><td>M\u00e9thodes de conception\u00a0\u00a0<\/td><\/tr><\/tbody><\/table><\/figure>\n\n\n\n<div style=\"height:10px\" aria-hidden=\"true\" class=\"wp-block-spacer\"><\/div>\n\n\n\n<h2 class=\"wp-block-heading has-black-color has-text-color\">T\u00e9moignages\u00a0\u00a0<\/h2>\n\n\n\n<div class=\"wp-block-uagb-slider uagb-block-6d092c67 uagb-slider-container\"><div class=\"uagb-slides uagb-swiper\"><div class=\"swiper-wrapper\">\n<div class=\"wp-block-uagb-slider-child uagb-slider-child-wrap swiper-slide uagb-block-b2c839f4\"><div class=\"swiper-content\">\n<div class=\"wp-block-uagb-container uagb-block-2b1c03a6 alignfull uagb-is-root-container\"><div class=\"uagb-container-inner-blocks-wrap\">\n<div class=\"wp-block-uagb-info-box uagb-block-064bc0bd uagb-infobox__content-wrap  uagb-infobox-icon-above-title uagb-infobox-image-valign-top\"><div class=\"uagb-ifb-content\"><div class=\"uagb-ifb-title-wrap\"><\/div><p class=\"uagb-ifb-desc\">Ce cours est l&rsquo;un des plus int\u00e9ressants que j&rsquo;aie jamais suivis en tant qu&rsquo;\u00e9tudiant. Il pr\u00e9sente un contexte tr\u00e8s nouveau et diversifi\u00e9 qu&rsquo;il est difficile de trouver dans d&rsquo;autres cours. Pendant le cours, j&rsquo;ai eu de nombreuses occasions d&rsquo;entrer en contact avec des pairs de diff\u00e9rentes disciplines \u00e0 travers le pays. Fortement recommand\u00e9 !\u00a0\u00bb\u00a0\u00a0<\/p><\/div><\/div>\n<\/div><\/div>\n<\/div><\/div>\n\n\n\n<div class=\"wp-block-uagb-slider-child uagb-slider-child-wrap swiper-slide uagb-block-e07c818c\"><div class=\"swiper-content\">\n<div class=\"wp-block-uagb-container uagb-block-9abc5e9f alignfull uagb-is-root-container\"><div class=\"uagb-container-inner-blocks-wrap\">\n<div class=\"wp-block-uagb-info-box uagb-block-46963463 uagb-infobox__content-wrap  uagb-infobox-icon-above-title uagb-infobox-image-valign-top\"><div class=\"uagb-ifb-content\"><div class=\"uagb-ifb-title-wrap\"><\/div><p class=\"uagb-ifb-desc\">\u00ab\u00a0Ce cours a \u00e9t\u00e9 une excellente occasion de rencontrer des \u00e9tudiants canadiens dipl\u00f4m\u00e9s de divers domaines, int\u00e9ress\u00e9s par la r\u00e9solution de probl\u00e8mes complexes \u00e0 l&rsquo;\u00e9chelle du syst\u00e8me.\u00a0\u00ab\u00a0<\/p><\/div><\/div>\n<\/div><\/div>\n<\/div><\/div>\n\n\n\n<div class=\"wp-block-uagb-slider-child uagb-slider-child-wrap swiper-slide uagb-block-8dcabcb1\"><div class=\"swiper-content\">\n<div class=\"wp-block-uagb-container uagb-block-71a3e1d3 alignfull uagb-is-root-container\"><div class=\"uagb-container-inner-blocks-wrap\">\n<div class=\"wp-block-uagb-info-box uagb-block-bde426b9 uagb-infobox__content-wrap  uagb-infobox-icon-above-title uagb-infobox-image-valign-top\"><div class=\"uagb-ifb-content\"><div class=\"uagb-ifb-title-wrap\"><\/div><p class=\"uagb-ifb-desc\">\u00ab\u00a0J&rsquo;ai beaucoup appris dans ce cours et j&rsquo;ai vraiment appr\u00e9ci\u00e9 l&rsquo;opportunit\u00e9 de me connecter avec d&rsquo;autres \u00e9tudiants de diff\u00e9rentes universit\u00e9s, tous engag\u00e9s dans des travaux de recherche tr\u00e8s diff\u00e9rents. Le format d&rsquo;une conf\u00e9rence hebdomadaire pr\u00e9enregistr\u00e9e, d&rsquo;une discussion de groupe et de questions de suivi avec le conf\u00e9rencier a \u00e9t\u00e9 un moyen efficace d&rsquo;apprendre la mati\u00e8re.\u00a0\u00bb\u00a0\u00a0<\/p><\/div><\/div>\n<\/div><\/div>\n<\/div><\/div>\n<\/div><\/div><div class=\"swiper-pagination\"><\/div><div class=\"swiper-button-prev\"><\/div><div class=\"swiper-button-next\"><\/div><\/div>\n\n\n\n<div style=\"height:10px\" aria-hidden=\"true\" class=\"wp-block-spacer\"><\/div>\n\n\n\n<h2 class=\"wp-block-heading\">Comment postuler\u00a0\u00a0<\/h2>\n\n\n\n<div class=\"wp-block-cover alignfull\"><span aria-hidden=\"true\" class=\"wp-block-cover__background has-ast-global-color-5-background-color has-background-dim-100 has-background-dim\"><\/span><div class=\"wp-block-cover__inner-container is-layout-flow wp-block-cover-is-layout-flow\">\n<div class=\"wp-block-columns is-layout-flex wp-container-core-columns-is-layout-28f84493 wp-block-columns-is-layout-flex\">\n<div class=\"wp-block-column is-layout-flow wp-block-column-is-layout-flow\">\n<div style=\"height:10px\" aria-hidden=\"true\" class=\"wp-block-spacer\"><\/div>\n\n\n\n<p class=\"has-ast-global-color-6-color has-text-color\">La plateforme de formation SMART Villes saines accueille des \u00e9tudiants de premier cycle et de troisi\u00e8me cycle, ainsi que des chercheurs postdoctoraux dans les disciplines suivantes :\u00a0\u00a0<\/p>\n\n\n\n<ul class=\"wp-block-list\">\n<li>Sant\u00e9 publique, \u00e9pid\u00e9miologie\u00a0\u00a0<\/li>\n\n\n\n<li>Alimentation et nutrition\u00a0\u00a0<\/li>\n\n\n\n<li>Soins primaires et politiques de sant\u00e9\u00a0\u00a0<\/li>\n\n\n\n<li>Science alimentaire et syst\u00e8mes alimentaires\u00a0\u00a0<\/li>\n\n\n\n<li>Agriculture\u00a0\u00a0<\/li>\n\n\n\n<li>\u00c9tudes autochtones\u00a0\u00a0<\/li>\n\n\n\n<li>Ing\u00e9nierie\u00a0\u00a0<\/li>\n\n\n\n<li>\u00c9conomie\u00a0\u00a0<\/li>\n\n\n\n<li>Informatique, intelligence artificielle, math\u00e9matiques appliqu\u00e9es\u00a0\u00a0<\/li>\n\n\n\n<li>Sciences sociales\u00a0\u00a0<\/li>\n\n\n\n<li>Autres disciplines connexes\u00a0\u00a0<\/li>\n<\/ul>\n\n\n\n<p class=\"has-black-color has-text-color\">Pour conna\u00eetre la proc\u00e9dure de candidature officielle et actuelle, consultez notre page, dont le lien figure ci-dessous :\u00a0\u00a0<\/p>\n\n\n\n<div class=\"wp-block-buttons is-layout-flex wp-block-buttons-is-layout-flex\">\n<div class=\"wp-block-button alignleft\"><a class=\"wp-block-button__link wp-element-button\" href=\"https:\/\/smart-training.ca\/fr\/applications-are-currently-closed\/\">Learn More<\/a><\/div>\n<\/div>\n\n\n\n<div style=\"height:10px\" aria-hidden=\"true\" class=\"wp-block-spacer\"><\/div>\n<\/div>\n<\/div>\n<\/div><\/div>\n","protected":false},"excerpt":{"rendered":"<p>Methods Caf\u00e9 Course Gr\u00e2ce \u00e0 l&rsquo;interdisciplinarit\u00e9, \u00e0 la pens\u00e9e critique et \u00e0 la science de la mise en \u0153uvre, ce cours se concentre sur la conception et l&rsquo;ex\u00e9cution de solutions efficaces, \u00e9volutives et durables pour rendre les environnements urbains et communautaires plus intelligents, plus sains, plus vivables et plus r\u00e9silients. Description du cours :\u00a0 Ce [&hellip;]<\/p>\n","protected":false},"author":4,"featured_media":4844,"parent":0,"menu_order":0,"comment_status":"closed","ping_status":"closed","template":"","meta":{"_eb_attr":"","_uag_custom_page_level_css":"","site-sidebar-layout":"default","site-content-layout":"","ast-site-content-layout":"default","site-content-style":"default","site-sidebar-style":"default","ast-global-header-display":"","ast-banner-title-visibility":"","ast-main-header-display":"","ast-hfb-above-header-display":"","ast-hfb-below-header-display":"","ast-hfb-mobile-header-display":"","site-post-title":"disabled","ast-breadcrumbs-content":"","ast-featured-img":"","footer-sml-layout":"","theme-transparent-header-meta":"","adv-header-id-meta":"","stick-header-meta":"","header-above-stick-meta":"","header-main-stick-meta":"","header-below-stick-meta":"","astra-migrate-meta-layouts":"set","ast-page-background-enabled":"default","ast-page-background-meta":{"desktop":{"background-color":"","background-image":"","background-repeat":"repeat","background-position":"center center","background-size":"auto","background-attachment":"scroll","background-type":"","background-media":"","overlay-type":"","overlay-color":"","overlay-opacity":"","overlay-gradient":""},"tablet":{"background-color":"","background-image":"","background-repeat":"repeat","background-position":"center center","background-size":"auto","background-attachment":"scroll","background-type":"","background-media":"","overlay-type":"","overlay-color":"","overlay-opacity":"","overlay-gradient":""},"mobile":{"background-color":"","background-image":"","background-repeat":"repeat","background-position":"center center","background-size":"auto","background-attachment":"scroll","background-type":"","background-media":"","overlay-type":"","overlay-color":"","overlay-opacity":"","overlay-gradient":""}},"ast-content-background-meta":{"desktop":{"background-color":"var(--ast-global-color-5)","background-image":"","background-repeat":"repeat","background-position":"center center","background-size":"auto","background-attachment":"scroll","background-type":"","background-media":"","overlay-type":"","overlay-color":"","overlay-opacity":"","overlay-gradient":""},"tablet":{"background-color":"var(--ast-global-color-5)","background-image":"","background-repeat":"repeat","background-position":"center center","background-size":"auto","background-attachment":"scroll","background-type":"","background-media":"","overlay-type":"","overlay-color":"","overlay-opacity":"","overlay-gradient":""},"mobile":{"background-color":"var(--ast-global-color-5)","background-image":"","background-repeat":"repeat","background-position":"center center","background-size":"auto","background-attachment":"scroll","background-type":"","background-media":"","overlay-type":"","overlay-color":"","overlay-opacity":"","overlay-gradient":""}},"footnotes":""},"class_list":["post-2272","page","type-page","status-publish","has-post-thumbnail","hentry"],"uagb_featured_image_src":{"full":["https:\/\/smart-training.ca\/fr\/wp-content\/uploads\/sites\/2\/2024\/09\/IMG_8701-scaled.jpg",2560,1707,false],"thumbnail":["https:\/\/smart-training.ca\/fr\/wp-content\/uploads\/sites\/2\/2024\/09\/IMG_8701-150x150.jpg",150,150,true],"medium":["https:\/\/smart-training.ca\/fr\/wp-content\/uploads\/sites\/2\/2024\/09\/IMG_8701-300x200.jpg",300,200,true],"medium_large":["https:\/\/smart-training.ca\/fr\/wp-content\/uploads\/sites\/2\/2024\/09\/IMG_8701-768x512.jpg",768,512,true],"large":["https:\/\/smart-training.ca\/fr\/wp-content\/uploads\/sites\/2\/2024\/09\/IMG_8701-1024x683.jpg",1024,683,true],"1536x1536":["https:\/\/smart-training.ca\/fr\/wp-content\/uploads\/sites\/2\/2024\/09\/IMG_8701-1536x1024.jpg",1536,1024,true],"2048x2048":["https:\/\/smart-training.ca\/fr\/wp-content\/uploads\/sites\/2\/2024\/09\/IMG_8701-2048x1365.jpg",2048,1365,true],"gform-image-choice-sm":["https:\/\/smart-training.ca\/fr\/wp-content\/uploads\/sites\/2\/2024\/09\/IMG_8701-scaled.jpg",300,200,false],"gform-image-choice-md":["https:\/\/smart-training.ca\/fr\/wp-content\/uploads\/sites\/2\/2024\/09\/IMG_8701-scaled.jpg",400,267,false],"gform-image-choice-lg":["https:\/\/smart-training.ca\/fr\/wp-content\/uploads\/sites\/2\/2024\/09\/IMG_8701-scaled.jpg",600,400,false]},"uagb_author_info":{"display_name":"Madison Rodrigue","author_link":"https:\/\/smart-training.ca\/fr\/blog\/author\/madison\/"},"uagb_comment_info":0,"uagb_excerpt":"Methods Caf\u00e9 Course Gr\u00e2ce \u00e0 l&rsquo;interdisciplinarit\u00e9, \u00e0 la pens\u00e9e critique et \u00e0 la science de la mise en \u0153uvre, ce cours se concentre sur la conception et l&rsquo;ex\u00e9cution de solutions efficaces, \u00e9volutives et durables pour rendre les environnements urbains et communautaires plus intelligents, plus sains, plus vivables et plus r\u00e9silients. Description du cours :\u00a0 Ce&hellip;","_links":{"self":[{"href":"https:\/\/smart-training.ca\/fr\/wp-json\/wp\/v2\/pages\/2272","targetHints":{"allow":["GET"]}}],"collection":[{"href":"https:\/\/smart-training.ca\/fr\/wp-json\/wp\/v2\/pages"}],"about":[{"href":"https:\/\/smart-training.ca\/fr\/wp-json\/wp\/v2\/types\/page"}],"author":[{"embeddable":true,"href":"https:\/\/smart-training.ca\/fr\/wp-json\/wp\/v2\/users\/4"}],"replies":[{"embeddable":true,"href":"https:\/\/smart-training.ca\/fr\/wp-json\/wp\/v2\/comments?post=2272"}],"version-history":[{"count":3,"href":"https:\/\/smart-training.ca\/fr\/wp-json\/wp\/v2\/pages\/2272\/revisions"}],"predecessor-version":[{"id":4960,"href":"https:\/\/smart-training.ca\/fr\/wp-json\/wp\/v2\/pages\/2272\/revisions\/4960"}],"wp:featuredmedia":[{"embeddable":true,"href":"https:\/\/smart-training.ca\/fr\/wp-json\/wp\/v2\/media\/4844"}],"wp:attachment":[{"href":"https:\/\/smart-training.ca\/fr\/wp-json\/wp\/v2\/media?parent=2272"}],"curies":[{"name":"wp","href":"https:\/\/api.w.org\/{rel}","templated":true}]}}