{"id":3872,"date":"2023-11-02T14:15:47","date_gmt":"2023-11-02T18:15:47","guid":{"rendered":"https:\/\/smart-training.ca\/fr\/?page_id=3872"},"modified":"2024-10-02T11:05:47","modified_gmt":"2024-10-02T15:05:47","slug":"annual-conference-2","status":"publish","type":"page","link":"https:\/\/smart-training.ca\/fr\/annual-conference-2\/","title":{"rendered":"Annual Conference"},"content":{"rendered":"\n<div class=\"wp-block-cover alignfull is-light\"><span aria-hidden=\"true\" class=\"wp-block-cover__background has-background-dim\" style=\"background-color:#8f889b\"><\/span><img loading=\"lazy\" decoding=\"async\" width=\"2560\" height=\"1707\" class=\"wp-block-cover__image-background wp-image-4793\" alt=\"\" src=\"https:\/\/smart-training.ca\/fr\/wp-content\/uploads\/sites\/2\/2024\/09\/IMG_4614-scaled.jpg\" data-object-fit=\"cover\" srcset=\"https:\/\/smart-training.ca\/fr\/wp-content\/uploads\/sites\/2\/2024\/09\/IMG_4614-scaled.jpg 2560w, https:\/\/smart-training.ca\/fr\/wp-content\/uploads\/sites\/2\/2024\/09\/IMG_4614-300x200.jpg 300w, https:\/\/smart-training.ca\/fr\/wp-content\/uploads\/sites\/2\/2024\/09\/IMG_4614-1024x683.jpg 1024w, https:\/\/smart-training.ca\/fr\/wp-content\/uploads\/sites\/2\/2024\/09\/IMG_4614-768x512.jpg 768w, https:\/\/smart-training.ca\/fr\/wp-content\/uploads\/sites\/2\/2024\/09\/IMG_4614-1536x1024.jpg 1536w, https:\/\/smart-training.ca\/fr\/wp-content\/uploads\/sites\/2\/2024\/09\/IMG_4614-2048x1365.jpg 2048w\" sizes=\"auto, (max-width: 2560px) 100vw, 2560px\" \/><div class=\"wp-block-cover__inner-container is-layout-flow wp-block-cover-is-layout-flow\">\n<h1 class=\"wp-block-heading has-text-align-center has-ast-global-color-4-color has-text-color has-large-font-size\">Conf\u00e9rence annuelle\u00a0<\/h1>\n<\/div><\/div>\n\n\n\n<div style=\"height:50px\" aria-hidden=\"true\" class=\"wp-block-spacer\"><\/div>\n\n\n\n<div class=\"wp-block-columns is-layout-flex wp-container-core-columns-is-layout-28f84493 wp-block-columns-is-layout-flex\">\n<div class=\"wp-block-column is-layout-constrained wp-block-column-is-layout-constrained\">\n<h2 class=\"wp-block-heading\">Conf\u00e9rence annuelle de la SMART Training Platform\u00a0\u00a0<\/h2>\n\n\n\n<p>La conf\u00e9rence annuelle de la plateforme de formation SMART est un espace permettant de transf\u00e9rer des connaissances, de faciliter le travail en r\u00e9seau et de cr\u00e9er une communaut\u00e9 de pratique. Les objectifs de la r\u00e9union annuelle comprennent la promotion d&rsquo;une communaut\u00e9 de pratique interdisciplinaire et intersectorielle parmi les chercheurs, les stagiaires, les praticiens et les utilisateurs des connaissances, ainsi que l&rsquo;identification des priorit\u00e9s \u00e9mergentes, des projets potentiels et des opportunit\u00e9s de formation.&nbsp;&nbsp;<\/p>\n\n\n\n<p>La r\u00e9union annuelle alternera les pr\u00e9sentations virtuelles et en personne. Les th\u00e8mes des sessions de la conf\u00e9rence et les affiches couvriront de nombreux domaines li\u00e9s aux villes saines, y compris la science de la mise en \u0153uvre, la convergence par la conception, l&rsquo;alimentation et la sant\u00e9, les questions autochtones et l&rsquo;\u00e9quit\u00e9, le vieillissement et les maladies chroniques, le transport et le logement, ainsi que la formation et la politique. La plateforme de formation SMART est fi\u00e8rement soutenue par le financement des IRSC-CRSNG et du CRSH.&nbsp;<\/p>\n\n\n\n<div style=\"height:10px\" aria-hidden=\"true\" class=\"wp-block-spacer\"><\/div>\n\n\n\n<h3 class=\"wp-block-heading\">\u00c9v\u00e9nements pass\u00e9s\u00a0<\/h3>\n\n\n\n<div class=\"wp-block-media-text is-stacked-on-mobile\" style=\"grid-template-columns:35% auto\"><figure class=\"wp-block-media-text__media\"><img loading=\"lazy\" decoding=\"async\" width=\"1024\" height=\"1024\" src=\"https:\/\/smart-training.ca\/fr\/wp-content\/uploads\/sites\/2\/2024\/02\/English-1-1-1024x1024.png\" alt=\"\" class=\"wp-image-4148 size-full\" srcset=\"https:\/\/smart-training.ca\/fr\/wp-content\/uploads\/sites\/2\/2024\/02\/English-1-1-1024x1024.png 1024w, https:\/\/smart-training.ca\/fr\/wp-content\/uploads\/sites\/2\/2024\/02\/English-1-1-300x300.png 300w, https:\/\/smart-training.ca\/fr\/wp-content\/uploads\/sites\/2\/2024\/02\/English-1-1-150x150.png 150w, https:\/\/smart-training.ca\/fr\/wp-content\/uploads\/sites\/2\/2024\/02\/English-1-1-768x768.png 768w, https:\/\/smart-training.ca\/fr\/wp-content\/uploads\/sites\/2\/2024\/02\/English-1-1.png 1080w\" sizes=\"auto, (max-width: 1024px) 100vw, 1024px\" \/><\/figure><div class=\"wp-block-media-text__content\">\n<h5 class=\"wp-block-heading\">Points d&rsquo;entr\u00e9e pour des solutions \u00e0 l&rsquo;\u00e9chelle pour des \u00e9conomies circulaires urbaines et rurales prosp\u00e8res et r\u00e9silientes.\u00a0\u00a0<\/h5>\n\n\n\n<p>La conf\u00e9rence Villes-sant\u00e9 vise \u00e0 rassembler des chercheurs, des stagiaires, des praticiens et des utilisateurs de connaissances qui s&rsquo;int\u00e9ressent \u00e0 la construction de villes saines afin de favoriser la collaboration et l&rsquo;\u00e9change de connaissances. En facilitant les discussions sur les questions d&rsquo;actualit\u00e9, les r\u00e9sultats de la recherche et les solutions potentielles, la conf\u00e9rence vise \u00e0 identifier les priorit\u00e9s \u00e9mergentes pour les villes saines et les possibilit\u00e9s de poursuivre la recherche et la formation.&nbsp;&nbsp;<\/p>\n\n\n\n<p>Le programme de la conf\u00e9rence comprendra des sessions et des affiches couvrant un large \u00e9ventail de sujets li\u00e9s aux villes en bonne sant\u00e9. Ceux-ci peuvent inclure la science de la mise en \u0153uvre, la convergence par la conception, l&rsquo;alimentation et la sant\u00e9, les questions autochtones, l&rsquo;\u00e9quit\u00e9, le transport et le logement, ainsi que la formation et la politique.&nbsp;&nbsp;.<\/p>\n\n\n\n<div class=\"wp-block-buttons is-layout-flex wp-block-buttons-is-layout-flex\">\n<div class=\"wp-block-button\"><a class=\"wp-block-button__link wp-element-button\" href=\"https:\/\/smart-training.ca\/fr\/third-annual-healthy-cities-conference\/\">En savoir plus!<\/a><\/div>\n<\/div>\n<\/div><\/div>\n\n\n\n<div class=\"wp-block-media-text alignwide is-stacked-on-mobile is-image-fill\" style=\"grid-template-columns:35% auto\"><figure class=\"wp-block-media-text__media\" style=\"background-image:url(https:\/\/smart-training.ca\/fr\/wp-content\/uploads\/sites\/2\/2023\/11\/Copy-of-Copy-of-Call-for-Abstracts-Instagram-Post-1024x1024.png);background-position:50% 50%\"><img loading=\"lazy\" decoding=\"async\" width=\"1024\" height=\"1024\" src=\"https:\/\/smart-training.ca\/fr\/wp-content\/uploads\/sites\/2\/2023\/11\/Copy-of-Copy-of-Call-for-Abstracts-Instagram-Post-1024x1024.png\" alt=\"\" class=\"wp-image-3936 size-full\" srcset=\"https:\/\/smart-training.ca\/fr\/wp-content\/uploads\/sites\/2\/2023\/11\/Copy-of-Copy-of-Call-for-Abstracts-Instagram-Post-1024x1024.png 1024w, https:\/\/smart-training.ca\/fr\/wp-content\/uploads\/sites\/2\/2023\/11\/Copy-of-Copy-of-Call-for-Abstracts-Instagram-Post-300x300.png 300w, https:\/\/smart-training.ca\/fr\/wp-content\/uploads\/sites\/2\/2023\/11\/Copy-of-Copy-of-Call-for-Abstracts-Instagram-Post-150x150.png 150w, https:\/\/smart-training.ca\/fr\/wp-content\/uploads\/sites\/2\/2023\/11\/Copy-of-Copy-of-Call-for-Abstracts-Instagram-Post-768x768.png 768w, https:\/\/smart-training.ca\/fr\/wp-content\/uploads\/sites\/2\/2023\/11\/Copy-of-Copy-of-Call-for-Abstracts-Instagram-Post.png 1080w\" sizes=\"auto, (max-width: 1024px) 100vw, 1024px\" \/><\/figure><div class=\"wp-block-media-text__content\">\n<h5 class=\"wp-block-heading\">Deuxi\u00e8me conf\u00e9rence annuelle sur les villes saines : Imaginer les villes saines et intelligentes de demain &#8211; Vers un changement syst\u00e9mique et \u00e0 haute dimension, un nouveau cadre de travail\u00a0\u00a0<\/h5>\n\n\n\n<p>Alors que les villes du monde entier continuent de se d\u00e9velopper, de nouvelles fa\u00e7ons de penser et la mise en \u0153uvre de solutions innovantes sont n\u00e9cessaires pour r\u00e9soudre les nombreux probl\u00e8mes complexes qui sont identifi\u00e9s. Participez \u00e0 cette conf\u00e9rence pour en savoir plus sur les d\u00e9fis actuels et les solutions potentielles pour des villes saines, o\u00f9 nous pouvons tous vivre, travailler et nous divertir. La programmation a \u00e9t\u00e9 \u00e9labor\u00e9e en collaboration avec les b\u00e9n\u00e9ficiaires de subventions de l&rsquo;\u00e9quipe Healthy Cities Implementation Science (HCIS).\u00a0\u00a0<\/p>\n\n\n\n<div class=\"wp-block-buttons is-layout-flex wp-block-buttons-is-layout-flex\">\n<div class=\"wp-block-button\"><a class=\"wp-block-button__link wp-element-button\" href=\"https:\/\/smart-training.ca\/fr\/the-second-annual-healthy-cities-conference-2\/\">En savoir plus!<\/a><\/div>\n<\/div>\n<\/div><\/div>\n\n\n\n<div style=\"height:35px\" aria-hidden=\"true\" class=\"wp-block-spacer\"><\/div>\n\n\n\n<div class=\"wp-block-media-text alignwide is-stacked-on-mobile is-image-fill\" style=\"grid-template-columns:35% auto\"><figure class=\"wp-block-media-text__media\" style=\"background-image:url(https:\/\/smart-training.ca\/fr\/wp-content\/uploads\/sites\/2\/2023\/11\/SMART-Training-Platform-Summer-School-2-1-1024x1024.png);background-position:50% 50%\"><img loading=\"lazy\" decoding=\"async\" width=\"1024\" height=\"1024\" src=\"https:\/\/smart-training.ca\/fr\/wp-content\/uploads\/sites\/2\/2023\/11\/SMART-Training-Platform-Summer-School-2-1-1024x1024.png\" alt=\"\" class=\"wp-image-3935 size-full\" srcset=\"https:\/\/smart-training.ca\/fr\/wp-content\/uploads\/sites\/2\/2023\/11\/SMART-Training-Platform-Summer-School-2-1-1024x1024.png 1024w, https:\/\/smart-training.ca\/fr\/wp-content\/uploads\/sites\/2\/2023\/11\/SMART-Training-Platform-Summer-School-2-1-300x300.png 300w, https:\/\/smart-training.ca\/fr\/wp-content\/uploads\/sites\/2\/2023\/11\/SMART-Training-Platform-Summer-School-2-1-150x150.png 150w, https:\/\/smart-training.ca\/fr\/wp-content\/uploads\/sites\/2\/2023\/11\/SMART-Training-Platform-Summer-School-2-1-768x768.png 768w, https:\/\/smart-training.ca\/fr\/wp-content\/uploads\/sites\/2\/2023\/11\/SMART-Training-Platform-Summer-School-2-1.png 1080w\" sizes=\"auto, (max-width: 1024px) 100vw, 1024px\" \/><\/figure><div class=\"wp-block-media-text__content\">\n<h5 class=\"wp-block-heading\">Premi\u00e8re conf\u00e9rence annuelle des villes saines\u00a0<\/h5>\n\n\n\n<p>En novembre 2022, nous avons accueilli la premi\u00e8re conf\u00e9rence annuelle des villes saines \u00e0 Ottawa, en Ontario. En nous concentrant sur la place centrale de l&rsquo;alimentation dans les villes, nous avons discut\u00e9 de sujets cl\u00e9s tels que l&rsquo;utilisation des \u00ab\u00a0big data\u00a0\u00bb pour cr\u00e9er des solutions intelligentes pour les environnements urbains, les d\u00e9fis pertinents auxquels les communaut\u00e9s autochtones sont confront\u00e9es, et les nombreuses facettes de l&rsquo;\u00e9conomie circulaire dans les villes du futur. Notre objectif \u00e9tait d&rsquo;\u00e9largir la compr\u00e9hension de la science de la mise en \u0153uvre et d&rsquo;explorer comment construire et soutenir des villes saines gr\u00e2ce \u00e0 l&rsquo;excellence de la recherche, au renforcement des capacit\u00e9s et \u00e0 la mobilisation des connaissances.\u00a0\u00a0<\/p>\n\n\n\n<div class=\"wp-block-buttons is-layout-flex wp-block-buttons-is-layout-flex\">\n<div class=\"wp-block-button\"><a class=\"wp-block-button__link wp-element-button\" href=\"https:\/\/smart-training.ca\/fr\/first-annual-healthy-cities-conference\/\">En savoir plus!<\/a><\/div>\n<\/div>\n<\/div><\/div>\n\n\n\n<div style=\"height:35px\" aria-hidden=\"true\" class=\"wp-block-spacer\"><\/div>\n\n\n\n<h3 class=\"wp-block-heading\">Questions fr\u00e9quemment pos\u00e9es\u00a0<\/h3>\n\n\n<div class=\"wp-block-uagb-faq uagb-faq__outer-wrap uagb-block-8403bad1 uagb-faq-icon-row uagb-faq-layout-accordion uagb-faq-expand-first-false uagb-faq-inactive-other-true uagb-faq__wrap uagb-buttons-layout-wrap uagb-faq-equal-height     \" data-faqtoggle=\"true\" role=\"tablist\"><div class=\"wp-block-uagb-faq-child uagb-faq-child__outer-wrap uagb-faq-item uagb-block-c676c25d \" role=\"tab\" tabindex=\"0\"><div class=\"uagb-faq-questions-button uagb-faq-questions\">\t\t\t<span class=\"uagb-icon uagb-faq-icon-wrap\">\n\t\t\t\t\t\t\t\t<svg xmlns=\"https:\/\/www.w3.org\/2000\/svg\" viewBox= \"0 0 448 512\"><path d=\"M432 256c0 17.69-14.33 32.01-32 32.01H256v144c0 17.69-14.33 31.99-32 31.99s-32-14.3-32-31.99v-144H48c-17.67 0-32-14.32-32-32.01s14.33-31.99 32-31.99H192v-144c0-17.69 14.33-32.01 32-32.01s32 14.32 32 32.01v144h144C417.7 224 432 238.3 432 256z\"><\/path><\/svg>\n\t\t\t\t\t\t\t<\/span>\n\t\t\t\t\t\t<span class=\"uagb-icon-active uagb-faq-icon-wrap\">\n\t\t\t\t\t\t\t\t<svg xmlns=\"https:\/\/www.w3.org\/2000\/svg\" viewBox= \"0 0 448 512\"><path d=\"M400 288h-352c-17.69 0-32-14.32-32-32.01s14.31-31.99 32-31.99h352c17.69 0 32 14.3 32 31.99S417.7 288 400 288z\"><\/path><\/svg>\n\t\t\t\t\t\t\t<\/span>\n\t\t\t<span class=\"uagb-question\">Quand aura lieu la prochaine conf\u00e9rence villes saines ?\u00a0\u00a0<\/span><\/div><div class=\"uagb-faq-content\"><p>La conf\u00e9rence sur les villes en sant\u00e9 de 2025 n\u2019a pas \u00e9t\u00e9 annonc\u00e9e. Assurez-vous de consulter notre site Web et nos m\u00e9dias sociaux pour rester \u00e0 jour sur nos \u00e9v\u00e9nements et activit\u00e9s\u00a0!<\/p><\/div><\/div><div class=\"wp-block-uagb-faq-child uagb-faq-child__outer-wrap uagb-faq-item uagb-block-617eb89e \" role=\"tab\" tabindex=\"0\"><div class=\"uagb-faq-questions-button uagb-faq-questions\">\t\t\t<span class=\"uagb-icon uagb-faq-icon-wrap\">\n\t\t\t\t\t\t\t\t<svg xmlns=\"https:\/\/www.w3.org\/2000\/svg\" viewBox= \"0 0 448 512\"><path d=\"M432 256c0 17.69-14.33 32.01-32 32.01H256v144c0 17.69-14.33 31.99-32 31.99s-32-14.3-32-31.99v-144H48c-17.67 0-32-14.32-32-32.01s14.33-31.99 32-31.99H192v-144c0-17.69 14.33-32.01 32-32.01s32 14.32 32 32.01v144h144C417.7 224 432 238.3 432 256z\"><\/path><\/svg>\n\t\t\t\t\t\t\t<\/span>\n\t\t\t\t\t\t<span class=\"uagb-icon-active uagb-faq-icon-wrap\">\n\t\t\t\t\t\t\t\t<svg xmlns=\"https:\/\/www.w3.org\/2000\/svg\" viewBox= \"0 0 448 512\"><path d=\"M400 288h-352c-17.69 0-32-14.32-32-32.01s14.31-31.99 32-31.99h352c17.69 0 32 14.3 32 31.99S417.7 288 400 288z\"><\/path><\/svg>\n\t\t\t\t\t\t\t<\/span>\n\t\t\t<span class=\"uagb-question\">O\u00f9 puis-je trouver des informations sur le programme et l&rsquo;horaire de l&rsquo;\u00e9v\u00e9nement ?\u00a0\u00a0<\/span><\/div><div class=\"uagb-faq-content\"><p>Le programme et l&rsquo;horaire seront disponibles sur la page web de l&rsquo;\u00e9v\u00e9nement pendant que l&rsquo;inscription \u00e0 la conf\u00e9rence et \u00e0 l&rsquo;\u00e9v\u00e9nement est en cours.. <\/p><\/div><\/div><div class=\"wp-block-uagb-faq-child uagb-faq-child__outer-wrap uagb-faq-item uagb-block-d4a1a347 \" role=\"tab\" tabindex=\"0\"><div class=\"uagb-faq-questions-button uagb-faq-questions\">\t\t\t<span class=\"uagb-icon uagb-faq-icon-wrap\">\n\t\t\t\t\t\t\t\t<svg xmlns=\"https:\/\/www.w3.org\/2000\/svg\" viewBox= \"0 0 448 512\"><path d=\"M432 256c0 17.69-14.33 32.01-32 32.01H256v144c0 17.69-14.33 31.99-32 31.99s-32-14.3-32-31.99v-144H48c-17.67 0-32-14.32-32-32.01s14.33-31.99 32-31.99H192v-144c0-17.69 14.33-32.01 32-32.01s32 14.32 32 32.01v144h144C417.7 224 432 238.3 432 256z\"><\/path><\/svg>\n\t\t\t\t\t\t\t<\/span>\n\t\t\t\t\t\t<span class=\"uagb-icon-active uagb-faq-icon-wrap\">\n\t\t\t\t\t\t\t\t<svg xmlns=\"https:\/\/www.w3.org\/2000\/svg\" viewBox= \"0 0 448 512\"><path d=\"M400 288h-352c-17.69 0-32-14.32-32-32.01s14.31-31.99 32-31.99h352c17.69 0 32 14.3 32 31.99S417.7 288 400 288z\"><\/path><\/svg>\n\t\t\t\t\t\t\t<\/span>\n\t\t\t<span class=\"uagb-question\">Existe-t-il des r\u00e9ductions pour les inscriptions anticip\u00e9es ?\u00a0\u00a0<\/span><\/div><div class=\"uagb-faq-content\"><p>Des tarifs pour les \u00e9tudiants et pour les inscriptions anticip\u00e9es sont disponibles pour nos conf\u00e9rences en personne et virtuelles !\u00a0<\/p><\/div><\/div><div class=\"wp-block-uagb-faq-child uagb-faq-child__outer-wrap uagb-faq-item uagb-block-e806923d \" role=\"tab\" tabindex=\"0\"><div class=\"uagb-faq-questions-button uagb-faq-questions\">\t\t\t<span class=\"uagb-icon uagb-faq-icon-wrap\">\n\t\t\t\t\t\t\t\t<svg xmlns=\"https:\/\/www.w3.org\/2000\/svg\" viewBox= \"0 0 448 512\"><path d=\"M432 256c0 17.69-14.33 32.01-32 32.01H256v144c0 17.69-14.33 31.99-32 31.99s-32-14.3-32-31.99v-144H48c-17.67 0-32-14.32-32-32.01s14.33-31.99 32-31.99H192v-144c0-17.69 14.33-32.01 32-32.01s32 14.32 32 32.01v144h144C417.7 224 432 238.3 432 256z\"><\/path><\/svg>\n\t\t\t\t\t\t\t<\/span>\n\t\t\t\t\t\t<span class=\"uagb-icon-active uagb-faq-icon-wrap\">\n\t\t\t\t\t\t\t\t<svg xmlns=\"https:\/\/www.w3.org\/2000\/svg\" viewBox= \"0 0 448 512\"><path d=\"M400 288h-352c-17.69 0-32-14.32-32-32.01s14.31-31.99 32-31.99h352c17.69 0 32 14.3 32 31.99S417.7 288 400 288z\"><\/path><\/svg>\n\t\t\t\t\t\t\t<\/span>\n\t\t\t<span class=\"uagb-question\">Puis-je m&rsquo;inscrire et acheter un billet sur place ?\u00a0\u00a0<\/span><\/div><div class=\"uagb-faq-content\"><p>Nous ne proposons pas de vente de billets pendant l&rsquo;\u00e9v\u00e9nement. Veuillez v\u00e9rifier les dates limites d&rsquo;inscription pour les \u00e9v\u00e9nements \u00e0 venir afin d&rsquo;acheter le billet avant d&rsquo;y assister.\u00a0\u00a0<\/p><\/div><\/div><div class=\"wp-block-uagb-faq-child uagb-faq-child__outer-wrap uagb-faq-item uagb-block-26d548a4 \" role=\"tab\" tabindex=\"0\"><div class=\"uagb-faq-questions-button uagb-faq-questions\">\t\t\t<span class=\"uagb-icon uagb-faq-icon-wrap\">\n\t\t\t\t\t\t\t\t<svg xmlns=\"https:\/\/www.w3.org\/2000\/svg\" viewBox= \"0 0 448 512\"><path d=\"M432 256c0 17.69-14.33 32.01-32 32.01H256v144c0 17.69-14.33 31.99-32 31.99s-32-14.3-32-31.99v-144H48c-17.67 0-32-14.32-32-32.01s14.33-31.99 32-31.99H192v-144c0-17.69 14.33-32.01 32-32.01s32 14.32 32 32.01v144h144C417.7 224 432 238.3 432 256z\"><\/path><\/svg>\n\t\t\t\t\t\t\t<\/span>\n\t\t\t\t\t\t<span class=\"uagb-icon-active uagb-faq-icon-wrap\">\n\t\t\t\t\t\t\t\t<svg xmlns=\"https:\/\/www.w3.org\/2000\/svg\" viewBox= \"0 0 448 512\"><path d=\"M400 288h-352c-17.69 0-32-14.32-32-32.01s14.31-31.99 32-31.99h352c17.69 0 32 14.3 32 31.99S417.7 288 400 288z\"><\/path><\/svg>\n\t\t\t\t\t\t\t<\/span>\n\t\t\t<span class=\"uagb-question\">O\u00f9 puis-je acc\u00e9der aux enregistrements des \u00e9v\u00e9nements pr\u00e9c\u00e9dents ?\u00a0\u00a0<\/span><\/div><div class=\"uagb-faq-content\"><p>Les enregistrements de nos \u00e9v\u00e9nements sont accessibles en cliquant sur le bouton \u00ab\u00a0<strong>en savoir plus<\/strong>\u00a0\u00bb en dessous de l&rsquo;\u00e9v\u00e9nement que vous souhaitez visionner !\u00a0<\/p><\/div><\/div><\/div><\/div>\n<\/div>\n\n\n\n<p><\/p>\n","protected":false},"excerpt":{"rendered":"<p>Conf\u00e9rence annuelle de la SMART Training Platform\u00a0\u00a0 La conf\u00e9rence annuelle de la plateforme de formation SMART est un espace permettant de transf\u00e9rer des connaissances, de faciliter le travail en r\u00e9seau et de cr\u00e9er une communaut\u00e9 de pratique. Les objectifs de la r\u00e9union annuelle comprennent la promotion d&rsquo;une communaut\u00e9 de pratique interdisciplinaire et intersectorielle parmi les [&hellip;]<\/p>\n","protected":false},"author":4,"featured_media":0,"parent":0,"menu_order":0,"comment_status":"closed","ping_status":"closed","template":"","meta":{"_eb_attr":"","_uag_custom_page_level_css":"","site-sidebar-layout":"default","site-content-layout":"","ast-site-content-layout":"default","site-content-style":"default","site-sidebar-style":"default","ast-global-header-display":"","ast-banner-title-visibility":"","ast-main-header-display":"","ast-hfb-above-header-display":"","ast-hfb-below-header-display":"","ast-hfb-mobile-header-display":"","site-post-title":"disabled","ast-breadcrumbs-content":"","ast-featured-img":"","footer-sml-layout":"","theme-transparent-header-meta":"","adv-header-id-meta":"","stick-header-meta":"","header-above-stick-meta":"","header-main-stick-meta":"","header-below-stick-meta":"","astra-migrate-meta-layouts":"set","ast-page-background-enabled":"default","ast-page-background-meta":{"desktop":{"background-color":"","background-image":"","background-repeat":"repeat","background-position":"center center","background-size":"auto","background-attachment":"scroll","background-type":"","background-media":"","overlay-type":"","overlay-color":"","overlay-opacity":"","overlay-gradient":""},"tablet":{"background-color":"","background-image":"","background-repeat":"repeat","background-position":"center center","background-size":"auto","background-attachment":"scroll","background-type":"","background-media":"","overlay-type":"","overlay-color":"","overlay-opacity":"","overlay-gradient":""},"mobile":{"background-color":"","background-image":"","background-repeat":"repeat","background-position":"center center","background-size":"auto","background-attachment":"scroll","background-type":"","background-media":"","overlay-type":"","overlay-color":"","overlay-opacity":"","overlay-gradient":""}},"ast-content-background-meta":{"desktop":{"background-color":"var(--ast-global-color-5)","background-image":"","background-repeat":"repeat","background-position":"center center","background-size":"auto","background-attachment":"scroll","background-type":"","background-media":"","overlay-type":"","overlay-color":"","overlay-opacity":"","overlay-gradient":""},"tablet":{"background-color":"var(--ast-global-color-5)","background-image":"","background-repeat":"repeat","background-position":"center center","background-size":"auto","background-attachment":"scroll","background-type":"","background-media":"","overlay-type":"","overlay-color":"","overlay-opacity":"","overlay-gradient":""},"mobile":{"background-color":"var(--ast-global-color-5)","background-image":"","background-repeat":"repeat","background-position":"center center","background-size":"auto","background-attachment":"scroll","background-type":"","background-media":"","overlay-type":"","overlay-color":"","overlay-opacity":"","overlay-gradient":""}},"footnotes":""},"class_list":["post-3872","page","type-page","status-publish","hentry"],"uagb_featured_image_src":{"full":false,"thumbnail":false,"medium":false,"medium_large":false,"large":false,"1536x1536":false,"2048x2048":false,"gform-image-choice-sm":false,"gform-image-choice-md":false,"gform-image-choice-lg":false},"uagb_author_info":{"display_name":"Madison Rodrigue","author_link":"https:\/\/smart-training.ca\/fr\/blog\/author\/madison\/"},"uagb_comment_info":0,"uagb_excerpt":"Conf\u00e9rence annuelle de la SMART Training Platform\u00a0\u00a0 La conf\u00e9rence annuelle de la plateforme de formation SMART est un espace permettant de transf\u00e9rer des connaissances, de faciliter le travail en r\u00e9seau et de cr\u00e9er une communaut\u00e9 de pratique. Les objectifs de la r\u00e9union annuelle comprennent la promotion d&rsquo;une communaut\u00e9 de pratique interdisciplinaire et intersectorielle parmi les&hellip;","_links":{"self":[{"href":"https:\/\/smart-training.ca\/fr\/wp-json\/wp\/v2\/pages\/3872","targetHints":{"allow":["GET"]}}],"collection":[{"href":"https:\/\/smart-training.ca\/fr\/wp-json\/wp\/v2\/pages"}],"about":[{"href":"https:\/\/smart-training.ca\/fr\/wp-json\/wp\/v2\/types\/page"}],"author":[{"embeddable":true,"href":"https:\/\/smart-training.ca\/fr\/wp-json\/wp\/v2\/users\/4"}],"replies":[{"embeddable":true,"href":"https:\/\/smart-training.ca\/fr\/wp-json\/wp\/v2\/comments?post=3872"}],"version-history":[{"count":2,"href":"https:\/\/smart-training.ca\/fr\/wp-json\/wp\/v2\/pages\/3872\/revisions"}],"predecessor-version":[{"id":4931,"href":"https:\/\/smart-training.ca\/fr\/wp-json\/wp\/v2\/pages\/3872\/revisions\/4931"}],"wp:attachment":[{"href":"https:\/\/smart-training.ca\/fr\/wp-json\/wp\/v2\/media?parent=3872"}],"curies":[{"name":"wp","href":"https:\/\/api.w.org\/{rel}","templated":true}]}}